{"id":16463,"date":"2017-11-28T11:37:37","date_gmt":"2017-11-28T10:37:37","guid":{"rendered":"https:\/\/stage.dataductus.com\/?post_type=cases&#038;p=16463"},"modified":"2024-09-26T10:34:08","modified_gmt":"2024-09-26T09:34:08","slug":"ett-av-sveriges-storsta-it-konsolideringsprojekt-nagonsin","status":"publish","type":"cases","link":"https:\/\/ductus.global\/sv\/cases\/ett-av-sveriges-storsta-it-konsolideringsprojekt-nagonsin\/","title":{"rendered":"Ett av Sveriges st\u00f6rsta IT-konsolideringsprojekt n\u00e5gonsin"},"content":{"rendered":"\n<section id=\"slider-banner-block_822fcbd0074a41df807c88f5e4be6477\" class=\"slider-banner-block alignfull loading\" style=\"height: 700px\" data-type=\"carousel\" data-frequence=\"8000\" data-speed=\"1000\">\n    <div class=\"banner-static-content\">\n\t\t        <ul>\n\t\t\t        <\/ul>\n    <\/div>\n    <div class=\"banner-container slide-left\" style=\"width: 100%\">\n\n\t\t\n                <div id=\"sub_block_822fcbd0074a41df807c88f5e4be6477_0\" class=\"inner  small-text-block text-block-align-left has-fixed-align \" data-item=\"0\" style=\"max-width: 100%; width: 100%\">\n                    <div id=\"image_block_822fcbd0074a41df807c88f5e4be6477_0\" class=\"background-image\" role=\"img\"  aria-label=\"Sky Sun Blue Dark Clouds Rays Weather\"  style=\"background-image:url(https:\/\/ductus.global\/wp-content\/uploads\/2021\/09\/sky-sun.jpeg); background-position: 50% 50%\">\n\t\t\t\t\t\t                    <\/div>\n                    <div id=\"background_color_block_822fcbd0074a41df807c88f5e4be6477_0\" style=\"opacity: 0.7\" class=\"overlay-color has-background has-ductus-blue-background-color\"><\/div>\n                    <div id=\"content_block_822fcbd0074a41df807c88f5e4be6477_0\" style=\" max-width: 700px; background-color:transparent\" class=\"inner-content has-text-align-left\">\n\t\t\t\t\t\t\n\n\n                            <h1 class=\"hero-title has-text-color has-ductus-white-color\" >Ett av Sveriges st\u00f6rsta IT-konsolideringsprojekt n\u00e5gonsin<\/h1>\n\t\t\t\t\t\t\t\t\t\t\t\t\t\t\t\t\t\t\t<p class=\"hero-text has-text-color has-ductus-white-color\">CASE STUDY<\/p>\t\t\t\t\t\t\n                                                                        <div class=\"background-block-mobile \" style=\"opacity: 1\"><\/div>\n                        <div class=\"background-block has-background\" style=\"opacity: 1\"><\/div>\n                    <\/div>\n                <\/div>\n\n\t\t\t    <\/div>\n<\/section>\n\n\n\n\n<div style=\"height:40px\" aria-hidden=\"true\" class=\"wp-block-spacer\"><\/div>\n\n\n<div class=\"wp-block-spacer\" style=\"height: 30px\"><\/div>\n\n\n<p class=\"has-preamble-font-size\"><meta charset=\"utf-8\">Med lokala IT-l\u00f6sningar p\u00e5 sina \u00f6ver 1300 f\u00f6rsamlingar beh\u00f6vde Svenska kyrkan uppdatera och f\u00f6rst\u00e4rka sin IT-infrastruktur. Vi planerade och genomf\u00f6rde ett av Sveriges st\u00f6rsta IT-konsolideringsprojekt n\u00e5gonsin, d\u00e4r vi installerade ett gemensamt virtuellt skrivbord i ett privat moln med tv\u00e5 lager av tj\u00e4nster.<\/p>\n\n\n\n<div style=\"height:40px\" aria-hidden=\"true\" class=\"wp-block-spacer\"><\/div>\n\n\n\n<div class=\"wp-block-group alignfull case-study-short has-d-mocha-light-background-color has-background\"><div class=\"wp-block-group__inner-container is-layout-flow wp-block-group-is-layout-flow\">\n<div style=\"height:30px\" aria-hidden=\"true\" class=\"wp-block-spacer\"><\/div>\n\n\n\n<h3 class=\"wp-block-heading\" id=\"h-i-korthet\"><span style=\"color:#06415b\" class=\"tadv-color\">I korthet<\/span><\/h3>\n\n\n\n<div class=\"wp-block-columns is-layout-flex wp-container-core-columns-is-layout-9d6595d7 wp-block-columns-is-layout-flex\">\n<div class=\"wp-block-column is-layout-flow wp-block-column-is-layout-flow\">\n<h5 class=\"wp-block-heading has-ductus-orange-color has-text-color\" id=\"h-utmaning\">UTMANING\u202f<\/h5>\n\n\n\n<p>Att utveckla en rikst\u00e4ckande IT-l\u00f6sning som s\u00e4nker IT-kostnaderna och f\u00f6renklar de lokala administrativa uppgifterna, s\u00e5 att kyrkans medarbetare kan fokusera p\u00e5 k\u00e4rnverksamheten ist\u00e4llet \u2013 samt att skapa en enkel och effektiv stegvis \u00f6verg\u00e5ng till den nya l\u00f6sningen.<\/p>\n<\/div>\n\n\n\n<div class=\"wp-block-column is-layout-flow wp-block-column-is-layout-flow\">\n<h5 class=\"wp-block-heading has-ductus-turquoise-color has-text-color\" id=\"h-losning\">L\u00d6SNING<\/h5>\n\n\n\n<p>Ett virtuellt skrivbord i ett privat moln med tv\u00e5 lager av tj\u00e4nster. Det f\u00f6rsta lagret \u00e4r en gemensam IT-plattform som k\u00f6r de administrativa program som f\u00f6rsamlingarna sj\u00e4lva \u00f6nskar. Det andra lagret erbjuder en gemensam programvara f\u00f6r bokf\u00f6ring och HR. Nya tj\u00e4nster kan enkelt l\u00e4ggas till p\u00e5 den Citrix-baserade plattformen.<\/p>\n<\/div>\n<\/div>\n\n\n\n<div class=\"wp-block-columns is-layout-flex wp-container-core-columns-is-layout-9d6595d7 wp-block-columns-is-layout-flex\">\n<div class=\"wp-block-column is-layout-flow wp-block-column-is-layout-flow\">\n<h5 class=\"wp-block-heading has-ductus-turquoise-color has-text-color\" id=\"h-hur-vi-gjorde\">HUR VI GJORDE<\/h5>\n\n\n\n<p>Vi genomf\u00f6rde en f\u00f6rstudie av Svenska kyrkans processer och krav innan vi designade och utvecklade v\u00e5r l\u00f6sning. N\u00e4r vi var f\u00e4rdiga med f\u00f6rstudien bes\u00f6kte vi f\u00f6rsamlingar, utv\u00e4rderade deras befintliga IT-l\u00f6sningar och hj\u00e4lpte dem att ansluta till sina nya virtuella skrivbord.<\/p>\n<\/div>\n\n\n\n<div class=\"wp-block-column is-layout-flow wp-block-column-is-layout-flow\">\n<h5 class=\"wp-block-heading has-ductus-brightblue-color has-text-color\" id=\"h-fordelar\">F\u00d6RDELAR<\/h5>\n\n\n\n<p>IT-strukturen vid anslutna f\u00f6rsamlingar \u00e4r nu uppdaterad och uppfyller alla lagar och myndighetskrav. Centraliserade ink\u00f6ps- och supportfunktioner har minskat IT-kostnaderna. Filer kan enkelt delas mellan f\u00f6rsamlingar och data lagras s\u00e4kert i ett privat moln.<\/p>\n<\/div>\n<\/div>\n\n\n\n<div class=\"wp-block-columns is-layout-flex wp-container-core-columns-is-layout-9d6595d7 wp-block-columns-is-layout-flex\">\n<div class=\"wp-block-column is-layout-flow wp-block-column-is-layout-flow\">\n<h5 class=\"wp-block-heading has-ductus-darkblue-color has-text-color\" id=\"h-om-kunden\">OM KUNDEN<\/h5>\n\n\n\n<p>Svenska kyrkan \u00e4r landets st\u00f6rsta religi\u00f6sa samfund. Totalt best\u00e5r organisationen av tretton stift med drygt 1300 f\u00f6rsamlingar och \u00f6ver 3000 kyrkor. Svenska kyrkan har sex miljoner medlemmar vars kyrkoavgifter uppg\u00e5r till n\u00e4rmare 15 miljarder kronor.<\/p>\n<\/div>\n\n\n\n<div class=\"wp-block-column is-layout-flow wp-block-column-is-layout-flow\"><\/div>\n<\/div>\n\n\n\n<div style=\"height:60px\" aria-hidden=\"true\" class=\"wp-block-spacer\"><\/div>\n<\/div><\/div>\n\n\n\n<div style=\"height:40px\" aria-hidden=\"true\" class=\"wp-block-spacer\"><\/div>\n\n\n\n<h3 class=\"wp-block-heading\" id=\"h-stegvis-overgang\">Stegvis \u00f6verg\u00e5ng<\/h3>\n\n\n\n<p>Svenska kyrkan \u00e4r en enorm organisation med uppdrag att tillhandah\u00e5lla kyrkliga tj\u00e4nster i hela Sverige. Totalt best\u00e5r organisationen av drygt 1300 f\u00f6rsamlingar i landets alla h\u00f6rn, d\u00e4r varje f\u00f6rsamling i praktiken \u00e4r ansvarig f\u00f6r sin egen IT-struktur. Detta innebar att man hade lokala IT-l\u00f6sningar och processer runt om i landet. F\u00f6rsamlingarnas administrativa uppgifter beh\u00f6vde ocks\u00e5 f\u00f6renklas s\u00e5 att medarbetarna kunde fokusera p\u00e5 sin k\u00e4rnverksamhet ist\u00e4llet. Efter en f\u00f6rstudie av organisationens processer, struktur och IT-krav f\u00f6reslog Ductus en successiv \u00f6verg\u00e5ng fr\u00e5n denna splittrade, dyra och ineffektiva IT-infrastruktur till en ny gemensam l\u00f6sning.<\/p>\n\n\n\n<h3 class=\"wp-block-heading\" id=\"h-losning-i-tva-lager-tacker-alla-behov\">L\u00f6sning i tv\u00e5 lager t\u00e4cker alla behov<\/h3>\n\n\n\n<p>L\u00f6sningen best\u00e5r av tv\u00e5 lager d\u00e4r f\u00f6rsamlingarna sj\u00e4lva kan v\u00e4lja vilka centraliserade tj\u00e4nster de vill anv\u00e4nda. I det f\u00f6rsta lagret finns ett virtuellt skrivbord d\u00e4r varje f\u00f6rsamling v\u00e4ljer de administrativa program de f\u00f6redrar. Medarbetarna kan komma \u00e5t molntj\u00e4nsterna fr\u00e5n vilken enhet som helst. Det andra lagret best\u00e5r av en gemensam och samlad programvara f\u00f6r bokf\u00f6ring och HR som f\u00f6renklar l\u00f6nebetalningar, fakturering och andra administrativa uppgifter. Den virtuella skrivbordsl\u00f6sningen k\u00f6rs p\u00e5 Citrix-plattformen. All data och alla tj\u00e4nster \u00e4r samlade i ett privat moln. L\u00f6sningen inkluderar \u00e4ven en bemannad IT-support.<\/p>\n\n\n\n<p>F\u00f6r att underl\u00e4tta \u00f6verg\u00e5ngen till den nya l\u00f6sningen erbjuder Ductus \u00e4ven en uppgraderingstj\u00e4nst till f\u00f6rsamlingar. Det inneb\u00e4r att vi utv\u00e4rderar befintlig IT-struktur p\u00e5 f\u00f6rsamlingskansliet \u2013 d\u00e4r vi g\u00e5r igenom allt fr\u00e5n n\u00e4tverksanslutningen till kansliets datorer \u2013 och tar fram en enkel plan f\u00f6r \u00f6verg\u00e5ngen till det virtuella skrivbordet. N\u00e4r planen antagits, kan antingen Data Ductus-teamet eller en lokal IT-leverant\u00f6r sedan utf\u00f6ra uppgraderingen.<\/p>\n\n\n\n<h3 class=\"wp-block-heading\" id=\"h-lagre-kostnader-och-battre-samarbete\">L\u00e4gre kostnader och b\u00e4ttre samarbete<\/h3>\n\n\n\n<p>N\u00e4r fler och fler f\u00f6rsamlingar nu byter till Citrix-plattformen, g\u00f6r stordriftsf\u00f6rdelarna att b\u00e5de underh\u00e5llskostnader och kostnader f\u00f6r investeringar i ny h\u00e5rdvara, n\u00e4tverksresurser och liknande minskar. Eftersom alla anslutna f\u00f6rsamlingar delar samma programversioner har fildelning dessutom blivit mycket l\u00e4ttare. Som en konsekvens har samarbetet kring administrativa uppgifter mellan f\u00f6rsamlingarna blivit betydligt enklare, vilket i sin tur minskar administrativa kostnader och felk\u00e4llor och f\u00f6rb\u00e4ttrar den \u00f6vergripande kvaliteten.<\/p>\n\n\n\n<p>M\u00e5nga av de vanligaste administrationsuppgifterna hanteras nu centralt. Till exempel inneh\u00e5ller bokf\u00f6ringssystemet en automatisk faktureringsfunktion, som skriver ut fakturor centralt och skickar dem till mottagaren, allt med en enkel knapptryckning.<\/p>\n\n\n\n<p>Den privata molnl\u00f6sningen uppfyller b\u00e5de befintliga och kommande regelverk, s\u00e5som GDPR. Sist men inte minst inneb\u00e4r en gemensam plattform att IT-organisationen enkelt kan erbjuda och implementera nya tj\u00e4nster till alla f\u00f6rsamlingar \u00f6ver hela landet.<\/p>\n\n\n\n<p>Som en bonus medf\u00f6rde projektet flera positiva effekter f\u00f6r milj\u00f6n. Att g\u00e5 fr\u00e5n tusentals olika servrar i lokala datacenter \u2013 ofta med fler processorer ig\u00e5ng \u00e4n vad som var n\u00f6dv\u00e4ndigt \u2013 till ett konsoliderat centralt datacenter, innebar att energif\u00f6rbrukningen minskades avsev\u00e4rt. Dessutom \u00e4r f\u00f6rb\u00e4ttringen i termer av informationss\u00e4kerhet givetvis stor, eftersom riskexponeringen i de otaliga datacentren var omfattande.<\/p>\n\n\n\n<h3 class=\"wp-block-heading\" id=\"h-kundens-omdome\">Kundens omd\u00f6me<\/h3>\n\n\n\n<p>\u201dN\u00e4r vi startade det h\u00e4r projektet var vi angel\u00e4gna om att f\u00f6rsamlingarna sj\u00e4lva skulle f\u00e5 v\u00e4lja om de ville h\u00e5lla fast vid sin befintliga IT-l\u00f6sning eller g\u00e5 \u00f6ver till det virtuella skrivbordet. Vi skulle skapa en l\u00f6sning som minskade deras administrativa uppgifter och gav dem mer tid till det de verkligen ville \u00e4gna sig \u00e5t i f\u00f6rsamlingen. Men vi beh\u00f6vde samtidigt ge dem en viss kontroll \u00f6ver sina egna processer.<\/p>\n\n\n\n<p>Den h\u00e4r l\u00f6sningen i tv\u00e5 lager l\u00f6ste det problemet perfekt, eftersom f\u00f6rsamlingarna sj\u00e4lva kan v\u00e4lja vilka delar de vill anv\u00e4nda. Drygt tv\u00e5 tredjedelar av kyrkans medarbetare i de lokala organisationerna ute i landet anv\u00e4nder nu l\u00f6sningen. Jag tror att n\u00e4r vi v\u00e4l \u00e4r f\u00e4rdiga kommer vi att ha genomf\u00f6rt ett av de st\u00f6rsta IT-konsolideringsprojekten i Sverige n\u00e5gonsin\u201d, s\u00e4ger Hans Eskemyr, tidigare IT-chef p\u00e5 Svenska kyrkan.<\/p>\n\n\n\n<div style=\"height:30px\" aria-hidden=\"true\" class=\"wp-block-spacer\"><\/div>\n\n\n<div class=\"cta-button wp-block-button ductus-cta-block aligncenter\">\n\t<div class=\"wp-block-button\"><a href=\"https:\/\/ductus.global\/formpage?d=Zm9ybT0yJnRpdGxlJmJ1dHRvbl90ZXh0PUdldCBpbiB0b3VjaCZidXR0b25fY2xhc3M9aGFzLWR1Y3R1cy1ncmVlbi1iYWNrZ3JvdW5kLWNvbG9yIG1kJnJlY2lwaWVudF9lbWFpbD1hbWluLmdob2xpaGFAZHVjdHVzLnNlJnJlc3BvbnNpYmxlJnJlZGlyZWN0X3VybCZzZW5kX3VybD1odHRwczovL2R1Y3R1cy5nbG9iYWwvc3Yvd3AtanNvbi93cC92Mi9jYXNlcy8xNjQ2My8mcmVnaW9uPUV0dCBhdiBTdmVyaWdlcyBzdMO2cnN0YSBJVC1rb25zb2xpZGVyaW5nc3Byb2pla3QgbsOlZ29uc2lu\" role=\"button\" title=\"Get in touch\" target=\"_blank\" class=\"ductus-btn-angle has-ductus-green-background-color md\"  data-gtmtrack=\"true\" data-trackelement=\"form-button\" data-trackvalue=\"Get in touch\">Get in touch<\/a><\/div><\/div>\n\n\n\t\t<section id=\"social-share-block_6271c3c65af3338ccf165f8d2fd5d7f8\" class=\"ductus-gutenberg ductus-social-share-block\">\n\t\t\t<div class=\"inner\">\n\t\t\t\t<nav class=\"social-share post-16463\" role=\"navigation\" aria-label=\"Social Links Menu\"><div class=\"menu-social-container\"><ul class=\"social-links-menu\"><li class=\"menu-item\"><a class=\"social-share-link social-share-x\" title=\"x\" href=\"https:\/\/twitter.com\/intent\/tweet?text=Ett%20av%20Sveriges%20st\u00f6rsta%20IT-konsolideringsprojekt%20n\u00e5gonsin&amp;url=https%3A%2F%2Fductus.global%2Fsv%2Fcases%2Fett-av-sveriges-storsta-it-konsolideringsprojekt-nagonsin%2F\" target=\"_blank\" rel=\"noopener\" alt=\"Share on X\"><svg class=\"svg-icon\" aria-hidden=\"true\" role=\"img\" focusable=\"false\" width=\"24\" height=\"24\" viewBox=\"0 0 24 24\" xmlns=\"http:\/\/www.w3.org\/2000\/svg\"><path d=\"M13.982 10.622 20.54 3h-1.554l-5.693 6.618L8.745 3H3.5l6.876 10.007L3.5 21h1.554l6.012-6.989L15.868 21h5.245l-7.131-10.378Zm-2.128 2.474-.697-.997-5.543-7.93H8l4.474 6.4.697.996 5.815 8.318h-2.387l-4.745-6.787Z\"><\/path><\/svg><\/a><\/li><li class=\"menu-item\"><a class=\"social-share-link social-share-facebook\" title=\"facebook\" href=\"https:\/\/www.facebook.com\/sharer\/sharer.php?u=https%3A%2F%2Fductus.global%2Fsv%2Fcases%2Fett-av-sveriges-storsta-it-konsolideringsprojekt-nagonsin%2F\" target=\"_blank\" rel=\"noopener\" alt=\"Share on Facebook\"><svg class=\"svg-icon\" aria-hidden=\"true\" role=\"img\" focusable=\"false\" width=\"24\" height=\"24\" viewBox=\"0 0 24 24\" xmlns=\"http:\/\/www.w3.org\/2000\/svg\"><path d=\"M12 2C6.5 2 2 6.5 2 12c0 5 3.7 9.1 8.4 9.9v-7H7.9V12h2.5V9.8c0-2.5 1.5-3.9 3.8-3.9 1.1 0 2.2.2 2.2.2v2.5h-1.3c-1.2 0-1.6.8-1.6 1.6V12h2.8l-.4 2.9h-2.3v7C18.3 21.1 22 17 22 12c0-5.5-4.5-10-10-10z\"><\/path><\/svg><\/a><\/li><li class=\"menu-item\"><a class=\"social-share-link social-share-linkedin\" title=\"linkedin\" href=\"https:\/\/www.linkedin.com\/shareArticle?mini=true&#038;url=https%3A%2F%2Fductus.global%2Fsv%2Fcases%2Fett-av-sveriges-storsta-it-konsolideringsprojekt-nagonsin%2F&amp;title=Ett%20av%20Sveriges%20st\u00f6rsta%20IT-konsolideringsprojekt%20n\u00e5gonsin\" target=\"_blank\" rel=\"noopener\" alt=\"Share on Linkedin\"><svg class=\"svg-icon\" aria-hidden=\"true\" role=\"img\" focusable=\"false\" width=\"24\" height=\"24\" viewBox=\"0 0 24 24\" xmlns=\"http:\/\/www.w3.org\/2000\/svg\"><path d=\"M19.7,3H4.3C3.582,3,3,3.582,3,4.3v15.4C3,20.418,3.582,21,4.3,21h15.4c0.718,0,1.3-0.582,1.3-1.3V4.3 C21,3.582,20.418,3,19.7,3z M8.339,18.338H5.667v-8.59h2.672V18.338z M7.004,8.574c-0.857,0-1.549-0.694-1.549-1.548 c0-0.855,0.691-1.548,1.549-1.548c0.854,0,1.547,0.694,1.547,1.548C8.551,7.881,7.858,8.574,7.004,8.574z M18.339,18.338h-2.669 v-4.177c0-0.996-0.017-2.278-1.387-2.278c-1.389,0-1.601,1.086-1.601,2.206v4.249h-2.667v-8.59h2.559v1.174h0.037 c0.356-0.675,1.227-1.387,2.526-1.387c2.703,0,3.203,1.779,3.203,4.092V18.338z\"><\/path><\/svg><\/a><\/li><li class=\"menu-item\"><a class=\"social-share-link social-share-mail\" title=\"mail\" href=\"mailto:?subject=Share: Ett%20av%20Sveriges%20st\u00f6rsta%20IT-konsolideringsprojekt%20n\u00e5gonsin&amp;body=Ett%20av%20Sveriges%20st\u00f6rsta%20IT-konsolideringsprojekt%20n\u00e5gonsin%0D%0A%0D%0A%0D%0A%0D%0ARead more: https%3A%2F%2Fductus.global%2Fsv%2Fcases%2Fett-av-sveriges-storsta-it-konsolideringsprojekt-nagonsin%2F\" target=\"_blank\" rel=\"noopener\" alt=\"Share on Mail\"><svg class=\"svg-icon\" aria-hidden=\"true\" role=\"img\" focusable=\"false\" width=\"24\" height=\"24\" viewBox=\"0 0 24 24\" xmlns=\"http:\/\/www.w3.org\/2000\/svg\"><path d=\"M20,4H4C2.895,4,2,4.895,2,6v12c0,1.105,0.895,2,2,2h16c1.105,0,2-0.895,2-2V6C22,4.895,21.105,4,20,4z M20,8.236l-8,4.882 L4,8.236V6h16V8.236z\"><\/path><\/svg><\/a><\/li><\/ul><\/div><\/nav>\n\t\t\t<\/div>\n\t\t<\/section>\n\n\n\n<div style=\"height:150px\" aria-hidden=\"true\" class=\"wp-block-spacer\"><\/div>\n","protected":false},"excerpt":{"rendered":"<p>Med lokala IT-l\u00f6sningar p\u00e5 sina \u00f6ver 1300 f\u00f6rsamlingar beh\u00f6vde Svenska kyrkan uppdatera och f\u00f6rst\u00e4rka sin IT-infrastruktur. Vi planerade och genomf\u00f6rde ett av Sveriges st\u00f6rsta IT-konsolideringsprojekt n\u00e5gonsin, d\u00e4r vi installerade ett gemensamt virtuellt skrivbord i ett privat moln med tv\u00e5 lager av tj\u00e4nster. I korthet UTMANING\u202f Att utveckla en rikst\u00e4ckande IT-l\u00f6sning som s\u00e4nker IT-kostnaderna och f\u00f6renklar [&hellip;]<\/p>\n","protected":false},"author":5,"featured_media":16464,"parent":0,"comment_status":"closed","ping_status":"open","template":"","meta":{"_acf_changed":false,"footnotes":""},"categories":[4174,4178],"tags":[4256],"class_list":["post-16463","cases","type-cases","status-publish","has-post-thumbnail","hentry","category-case_studies-sv","category-case-studies-it-services","tag-digital-arbetsplats"],"acf":[],"_links":{"self":[{"href":"https:\/\/ductus.global\/sv\/wp-json\/wp\/v2\/cases\/16463","targetHints":{"allow":["GET"]}}],"collection":[{"href":"https:\/\/ductus.global\/sv\/wp-json\/wp\/v2\/cases"}],"about":[{"href":"https:\/\/ductus.global\/sv\/wp-json\/wp\/v2\/types\/cases"}],"author":[{"embeddable":true,"href":"https:\/\/ductus.global\/sv\/wp-json\/wp\/v2\/users\/5"}],"replies":[{"embeddable":true,"href":"https:\/\/ductus.global\/sv\/wp-json\/wp\/v2\/comments?post=16463"}],"version-history":[{"count":1,"href":"https:\/\/ductus.global\/sv\/wp-json\/wp\/v2\/cases\/16463\/revisions"}],"predecessor-version":[{"id":32425,"href":"https:\/\/ductus.global\/sv\/wp-json\/wp\/v2\/cases\/16463\/revisions\/32425"}],"wp:featuredmedia":[{"embeddable":true,"href":"https:\/\/ductus.global\/sv\/wp-json\/wp\/v2\/media\/16464"}],"wp:attachment":[{"href":"https:\/\/ductus.global\/sv\/wp-json\/wp\/v2\/media?parent=16463"}],"wp:term":[{"taxonomy":"category","embeddable":true,"href":"https:\/\/ductus.global\/sv\/wp-json\/wp\/v2\/categories?post=16463"},{"taxonomy":"post_tag","embeddable":true,"href":"https:\/\/ductus.global\/sv\/wp-json\/wp\/v2\/tags?post=16463"}],"curies":[{"name":"wp","href":"https:\/\/api.w.org\/{rel}","templated":true}]}}